{"id":132302,"date":"2024-07-02T19:35:41","date_gmt":"2024-07-02T17:35:41","guid":{"rendered":"https:\/\/insuitedmc.com\/gran-canaria\/"},"modified":"2025-04-01T11:15:22","modified_gmt":"2025-04-01T09:15:22","slug":"gran-canaria","status":"publish","type":"page","link":"https:\/\/insuitedmc.com\/en\/mice-agency\/gran-canaria\/","title":{"rendered":"Gran Canaria"},"content":{"rendered":"<div class=\"wpb-content-wrapper\"><p>[vc_row unlock_row_content=&#8221;yes&#8221; row_height_percent=&#8221;0&#8243; override_padding=&#8221;yes&#8221; h_padding=&#8221;2&#8243; top_padding=&#8221;4&#8243; bottom_padding=&#8221;5&#8243; back_color=&#8221;color-xsdn&#8221; overlay_alpha=&#8221;70&#8243; overlay_animated=&#8221;yes&#8221; overlay_animated_size=&#8221;0.35&#8243; gutter_size=&#8221;3&#8243; column_width_percent=&#8221;100&#8243; shift_y=&#8221;0&#8243; z_index=&#8221;0&#8243; bottom_divider=&#8221;step&#8221; uncode_shortcode_id=&#8221;122041&#8243; back_color_type=&#8221;uncode-palette&#8221;][vc_column column_width_percent=&#8221;100&#8243; gutter_size=&#8221;3&#8243; overlay_alpha=&#8221;50&#8243; shift_x=&#8221;0&#8243; shift_y=&#8221;0&#8243; shift_y_down=&#8221;0&#8243; z_index=&#8221;0&#8243; medium_width=&#8221;0&#8243; mobile_width=&#8221;0&#8243; width=&#8221;1\/1&#8243; uncode_shortcode_id=&#8221;714865&#8243;][vc_row_inner limit_content=&#8221;&#8221;][vc_column_inner column_width_use_pixel=&#8221;yes&#8221; align_horizontal=&#8221;align_center&#8221; gutter_size=&#8221;1&#8243; overlay_alpha=&#8221;50&#8243; shift_x=&#8221;0&#8243; shift_y=&#8221;0&#8243; shift_y_down=&#8221;0&#8243; z_index=&#8221;0&#8243; medium_width=&#8221;0&#8243; mobile_width=&#8221;0&#8243; css_animation=&#8221;alpha-anim&#8221; animation_speed=&#8221;1400&#8243; width=&#8221;1\/1&#8243; uncode_shortcode_id=&#8221;105270&#8243; column_width_pixel=&#8221;1000&#8243;][vc_custom_heading text_color=&#8221;accent&#8221; heading_semantic=&#8221;h5&#8243; text_font=&#8221;font-103749&#8243; text_size=&#8221;h5&#8243; text_weight=&#8221;400&#8243; text_height=&#8221;fontheight-357766&#8243; css_animation=&#8221;curtain&#8221; animation_speed=&#8221;1400&#8243; animation_delay=&#8221;200&#8243; uncode_shortcode_id=&#8221;755979&#8243; text_color_type=&#8221;uncode-palette&#8221;]CANARY ISLANDS[\/vc_custom_heading][vc_custom_heading heading_semantic=&#8221;h1&#8243; text_size=&#8221;custom&#8221; color_blend=&#8221;multiply&#8221; css_animation=&#8221;curtain&#8221; animation_speed=&#8221;1400&#8243; uncode_shortcode_id=&#8221;241518&#8243; heading_custom_size=&#8221;clamp(38px,6vw,75px)&#8221;]Gran Canaria[\/vc_custom_heading][vc_custom_heading text_weight=&#8221;400&#8243; text_height=&#8221;fontheight-357766&#8243; css_animation=&#8221;curtain&#8221; animation_speed=&#8221;1400&#8243; animation_delay=&#8221;200&#8243; uncode_shortcode_id=&#8221;186893&#8243;]The Miniature Continent[\/vc_custom_heading][\/vc_column_inner][\/vc_row_inner][vc_row_inner row_inner_height_percent=&#8221;0&#8243; overlay_alpha=&#8221;50&#8243; gutter_size=&#8221;0&#8243; shift_y=&#8221;0&#8243; z_index=&#8221;0&#8243; uncode_shortcode_id=&#8221;976688&#8243; limit_content=&#8221;&#8221;][vc_column_inner column_width_percent=&#8221;100&#8243; position_vertical=&#8221;middle&#8221; gutter_size=&#8221;3&#8243; overlay_alpha=&#8221;50&#8243; shift_x=&#8221;3&#8243; shift_y=&#8221;0&#8243; shift_y_down=&#8221;0&#8243; z_index=&#8221;0&#8243; medium_width=&#8221;2&#8243; mobile_visibility=&#8221;yes&#8221; mobile_width=&#8221;0&#8243; css_animation=&#8221;bottom-t-top&#8221; animation_speed=&#8221;1400&#8243; animation_delay=&#8221;400&#8243; width=&#8221;2\/12&#8243; uncode_shortcode_id=&#8221;117891&#8243;][vc_single_image media=&#8221;131117&#8243; media_width_percent=&#8221;100&#8243; media_ratio=&#8221;four-five&#8221; shadow=&#8221;yes&#8221; shadow_weight=&#8221;std&#8221; css_animation=&#8221;parallax&#8221; parallax_intensity=&#8221;2&#8243; uncode_shortcode_id=&#8221;129524&#8243;][\/vc_column_inner][vc_column_inner column_width_percent=&#8221;100&#8243; position_vertical=&#8221;middle&#8221; gutter_size=&#8221;3&#8243; overlay_alpha=&#8221;50&#8243; shift_x=&#8221;2&#8243; shift_y=&#8221;0&#8243; shift_y_down=&#8221;0&#8243; z_index=&#8221;0&#8243; medium_visibility=&#8221;yes&#8221; medium_width=&#8221;0&#8243; mobile_visibility=&#8221;yes&#8221; mobile_width=&#8221;0&#8243; css_animation=&#8221;bottom-t-top&#8221; animation_speed=&#8221;1400&#8243; animation_delay=&#8221;300&#8243; width=&#8221;3\/12&#8243; uncode_shortcode_id=&#8221;997455&#8243;][vc_single_image media=&#8221;132647&#8243; media_width_percent=&#8221;100&#8243; media_ratio=&#8221;one-one&#8221; shadow=&#8221;yes&#8221; shadow_weight=&#8221;std&#8221; uncode_shortcode_id=&#8221;927332&#8243;][\/vc_column_inner][vc_column_inner column_width_percent=&#8221;100&#8243; position_vertical=&#8221;middle&#8221; gutter_size=&#8221;3&#8243; overlay_alpha=&#8221;50&#8243; shift_x=&#8221;0&#8243; shift_y=&#8221;0&#8243; shift_y_down=&#8221;0&#8243; z_index=&#8221;2&#8243; medium_width=&#8221;4&#8243; mobile_width=&#8221;0&#8243; css_animation=&#8221;bottom-t-top&#8221; animation_speed=&#8221;1400&#8243; width=&#8221;4\/12&#8243; uncode_shortcode_id=&#8221;506143&#8243;][vc_single_image media=&#8221;132650&#8243; media_width_percent=&#8221;100&#8243; media_ratio=&#8221;four-five&#8221; shadow=&#8221;yes&#8221; shadow_weight=&#8221;lg&#8221; shadow_darker=&#8221;yes&#8221; css_animation=&#8221;parallax&#8221; parallax_intensity=&#8221;3&#8243; uncode_shortcode_id=&#8221;226795&#8243;][\/vc_column_inner][vc_column_inner column_width_percent=&#8221;100&#8243; position_vertical=&#8221;middle&#8221; gutter_size=&#8221;3&#8243; overlay_alpha=&#8221;50&#8243; shift_x=&#8221;-2&#8243; shift_y=&#8221;0&#8243; shift_y_down=&#8221;0&#8243; z_index=&#8221;2&#8243; medium_width=&#8221;2&#8243; mobile_visibility=&#8221;yes&#8221; mobile_width=&#8221;0&#8243; css_animation=&#8221;bottom-t-top&#8221; animation_speed=&#8221;1400&#8243; animation_delay=&#8221;600&#8243; width=&#8221;2\/12&#8243; uncode_shortcode_id=&#8221;786288&#8243;][vc_single_image media=&#8221;131126&#8243; media_width_percent=&#8221;100&#8243; media_ratio=&#8221;four-five&#8221; shadow=&#8221;yes&#8221; shadow_weight=&#8221;std&#8221; css_animation=&#8221;parallax&#8221; parallax_intensity=&#8221;2&#8243; uncode_shortcode_id=&#8221;856711&#8243;][\/vc_column_inner][vc_column_inner column_width_percent=&#8221;100&#8243; position_vertical=&#8221;middle&#8221; gutter_size=&#8221;3&#8243; overlay_alpha=&#8221;50&#8243; shift_x=&#8221;-3&#8243; shift_y=&#8221;0&#8243; shift_y_down=&#8221;0&#8243; z_index=&#8221;0&#8243; medium_visibility=&#8221;yes&#8221; medium_width=&#8221;0&#8243; mobile_visibility=&#8221;yes&#8221; mobile_width=&#8221;0&#8243; css_animation=&#8221;bottom-t-top&#8221; animation_speed=&#8221;1400&#8243; animation_delay=&#8221;200&#8243; width=&#8221;3\/12&#8243; uncode_shortcode_id=&#8221;337277&#8243;][vc_single_image media=&#8221;131118&#8243; media_width_percent=&#8221;100&#8243; media_ratio=&#8221;one-one&#8221; shadow=&#8221;yes&#8221; shadow_weight=&#8221;lg&#8221; css_animation=&#8221;parallax&#8221; parallax_intensity=&#8221;1&#8243; uncode_shortcode_id=&#8221;846121&#8243;][\/vc_column_inner][\/vc_row_inner][\/vc_column][\/vc_row][vc_row row_height_percent=&#8221;0&#8243; override_padding=&#8221;yes&#8221; h_padding=&#8221;2&#8243; top_padding=&#8221;5&#8243; bottom_padding=&#8221;3&#8243; overlay_alpha=&#8221;100&#8243; gutter_size=&#8221;3&#8243; column_width_percent=&#8221;100&#8243; shift_y=&#8221;0&#8243; z_index=&#8221;0&#8243; row_height_use_pixel=&#8221;&#8221;][vc_column column_width_use_pixel=&#8221;yes&#8221; gutter_size=&#8221;3&#8243; overlay_alpha=&#8221;50&#8243; shift_x=&#8221;0&#8243; shift_y=&#8221;0&#8243; medium_width=&#8221;0&#8243; zoom_width=&#8221;0&#8243; zoom_height=&#8221;0&#8243; column_width_pixel=&#8221;800&#8243;][vc_column_text uncode_shortcode_id=&#8221;198751&#8243;]Gran Canaria is often referred to as a &#8220;miniature continent&#8221; due to the contrasting landscapes found within its 1,560 km\u00b2 surface area. This cosmopolitan island is rich in culture and diversity, as is evident in the countless traditional rural hamlets and small whitewashed villages and the emblematic buildings in the historic city centres &#8211; all of which offer an excellent representation of the Canary Islands\u00b4 identity.[\/vc_column_text][\/vc_column][\/vc_row][vc_row row_height_percent=&#8221;0&#8243; override_padding=&#8221;yes&#8221; h_padding=&#8221;2&#8243; top_padding=&#8221;0&#8243; bottom_padding=&#8221;0&#8243; overlay_alpha=&#8221;100&#8243; gutter_size=&#8221;3&#8243; column_width_percent=&#8221;100&#8243; shift_y=&#8221;0&#8243; z_index=&#8221;0&#8243; row_height_use_pixel=&#8221;&#8221;][vc_column column_width_percent=&#8221;100&#8243; gutter_size=&#8221;3&#8243; overlay_alpha=&#8221;50&#8243; shift_x=&#8221;0&#8243; shift_y=&#8221;0&#8243; shift_y_down=&#8221;0&#8243; z_index=&#8221;0&#8243; medium_visibility=&#8221;yes&#8221; medium_width=&#8221;0&#8243; mobile_visibility=&#8221;yes&#8221; mobile_width=&#8221;0&#8243; zoom_width=&#8221;0&#8243; zoom_height=&#8221;0&#8243; width=&#8221;1\/6&#8243; uncode_shortcode_id=&#8221;541307&#8243;][vc_column_text text_lead=&#8221;small&#8221; text_color=&#8221;accent&#8221; uncode_shortcode_id=&#8221;653830&#8243; text_color_type=&#8221;uncode-palette&#8221;]Maspalomas Dunes \u2192[\/vc_column_text][\/vc_column][vc_column column_width_use_pixel=&#8221;yes&#8221; gutter_size=&#8221;3&#8243; overlay_alpha=&#8221;50&#8243; shift_x=&#8221;0&#8243; shift_y=&#8221;0&#8243; medium_width=&#8221;0&#8243; zoom_width=&#8221;0&#8243; zoom_height=&#8221;0&#8243; width=&#8221;5\/6&#8243;][vc_single_image media=&#8221;132137&#8243; media_width_percent=&#8221;100&#8243; media_ratio=&#8221;three-two&#8221; media_title_uppercase=&#8221;&#8221; uncode_shortcode_id=&#8221;109662&#8243;][\/vc_column][\/vc_row][vc_row row_height_percent=&#8221;0&#8243; override_padding=&#8221;yes&#8221; h_padding=&#8221;2&#8243; top_padding=&#8221;3&#8243; bottom_padding=&#8221;5&#8243; overlay_alpha=&#8221;100&#8243; gutter_size=&#8221;3&#8243; column_width_percent=&#8221;100&#8243; shift_y=&#8221;0&#8243; z_index=&#8221;0&#8243; row_height_use_pixel=&#8221;&#8221;][vc_column column_width_use_pixel=&#8221;yes&#8221; gutter_size=&#8221;3&#8243; overlay_alpha=&#8221;50&#8243; shift_x=&#8221;0&#8243; shift_y=&#8221;0&#8243; medium_width=&#8221;0&#8243; zoom_width=&#8221;0&#8243; zoom_height=&#8221;0&#8243; column_width_pixel=&#8221;800&#8243;][vc_column_text uncode_shortcode_id=&#8221;162252&#8243;]But Gran Canaria is not just about tradition. Located only a few kilometres from the island&#8217;s tranquil interior is the vibrant social and cultural life of its largest city: Las Palmas de Gran Canaria. With all the convenience, infrastructure, leisure options and services of a major European city, the island&#8217;s capital stands out as an ideal location for hosting all types of events.[\/vc_column_text][vc_column_text uncode_shortcode_id=&#8221;371404&#8243;]To complement your event, you can enjoy over 60 kilometres of beaches, delicious wines, and traditional dishes that invite you to relax and disconnect from routine, surrounded by the beauty each corner of this island has to offer.[\/vc_column_text][\/vc_column][\/vc_row][vc_row row_height_percent=&#8221;0&#8243; override_padding=&#8221;yes&#8221; h_padding=&#8221;2&#8243; top_padding=&#8221;0&#8243; bottom_padding=&#8221;0&#8243; overlay_alpha=&#8221;100&#8243; gutter_size=&#8221;3&#8243; column_width_percent=&#8221;100&#8243; shift_y=&#8221;0&#8243; z_index=&#8221;0&#8243; row_height_use_pixel=&#8221;&#8221;][vc_column column_width_use_pixel=&#8221;yes&#8221; gutter_size=&#8221;3&#8243; overlay_alpha=&#8221;50&#8243; shift_x=&#8221;0&#8243; shift_y=&#8221;0&#8243; medium_width=&#8221;0&#8243; zoom_width=&#8221;0&#8243; zoom_height=&#8221;0&#8243; width=&#8221;5\/6&#8243;][vc_single_image media=&#8221;132135&#8243; media_width_percent=&#8221;100&#8243; media_ratio=&#8221;three-two&#8221; media_title_uppercase=&#8221;&#8221; uncode_shortcode_id=&#8221;106781&#8243;][\/vc_column][vc_column column_width_percent=&#8221;100&#8243; gutter_size=&#8221;3&#8243; overlay_alpha=&#8221;50&#8243; shift_x=&#8221;0&#8243; shift_y=&#8221;0&#8243; shift_y_down=&#8221;0&#8243; z_index=&#8221;0&#8243; medium_visibility=&#8221;yes&#8221; medium_width=&#8221;0&#8243; mobile_visibility=&#8221;yes&#8221; mobile_width=&#8221;0&#8243; zoom_width=&#8221;0&#8243; zoom_height=&#8221;0&#8243; width=&#8221;1\/6&#8243; uncode_shortcode_id=&#8221;159838&#8243;][vc_column_text text_lead=&#8221;small&#8221; text_color=&#8221;accent&#8221; uncode_shortcode_id=&#8221;111899&#8243; text_color_type=&#8221;uncode-palette&#8221;]\u2190 Puerto de las Nieves, Agaete.[\/vc_column_text][\/vc_column][\/vc_row][vc_row row_height_percent=&#8221;0&#8243; override_padding=&#8221;yes&#8221; h_padding=&#8221;2&#8243; top_padding=&#8221;3&#8243; bottom_padding=&#8221;3&#8243; overlay_alpha=&#8221;100&#8243; gutter_size=&#8221;3&#8243; column_width_percent=&#8221;100&#8243; shift_y=&#8221;0&#8243; z_index=&#8221;0&#8243; row_height_use_pixel=&#8221;&#8221;][vc_column column_width_use_pixel=&#8221;yes&#8221; gutter_size=&#8221;3&#8243; overlay_alpha=&#8221;50&#8243; shift_x=&#8221;0&#8243; shift_y=&#8221;0&#8243; medium_width=&#8221;0&#8243; zoom_width=&#8221;0&#8243; zoom_height=&#8221;0&#8243; column_width_pixel=&#8221;800&#8243;][vc_column_text uncode_shortcode_id=&#8221;417626&#8243;]With three conference centres and numerous other spectacular venues spread across the island, as well as regular flights to major continental cities, Gran Canaria is a paradise for leading brands wishing to hold corporate events in Europe.[\/vc_column_text][\/vc_column][\/vc_row][vc_row row_height_percent=&#8221;0&#8243; override_padding=&#8221;yes&#8221; h_padding=&#8221;2&#8243; top_padding=&#8221;0&#8243; bottom_padding=&#8221;5&#8243; overlay_alpha=&#8221;100&#8243; gutter_size=&#8221;3&#8243; column_width_percent=&#8221;100&#8243; shift_y=&#8221;0&#8243; z_index=&#8221;0&#8243; row_height_use_pixel=&#8221;&#8221; uncode_shortcode_id=&#8221;428894&#8243;][vc_column column_width_percent=&#8221;100&#8243; gutter_size=&#8221;3&#8243; overlay_alpha=&#8221;50&#8243; shift_x=&#8221;0&#8243; shift_y=&#8221;0&#8243; shift_y_down=&#8221;0&#8243; z_index=&#8221;0&#8243; medium_visibility=&#8221;yes&#8221; medium_width=&#8221;0&#8243; mobile_visibility=&#8221;yes&#8221; mobile_width=&#8221;0&#8243; zoom_width=&#8221;0&#8243; zoom_height=&#8221;0&#8243; width=&#8221;1\/6&#8243; uncode_shortcode_id=&#8221;584912&#8243;][vc_column_text text_lead=&#8221;small&#8221; text_color=&#8221;accent&#8221; uncode_shortcode_id=&#8221;127457&#8243; text_color_type=&#8221;uncode-palette&#8221;]Alfredo Kraus Auditorium, Las Palmas de Gran Canaria \u2192[\/vc_column_text][\/vc_column][vc_column column_width_use_pixel=&#8221;yes&#8221; gutter_size=&#8221;3&#8243; overlay_alpha=&#8221;50&#8243; shift_x=&#8221;0&#8243; shift_y=&#8221;0&#8243; medium_width=&#8221;0&#8243; zoom_width=&#8221;0&#8243; zoom_height=&#8221;0&#8243; width=&#8221;5\/6&#8243;][vc_single_image media=&#8221;132127&#8243; media_width_percent=&#8221;100&#8243; media_ratio=&#8221;three-two&#8221; media_title_uppercase=&#8221;&#8221; uncode_shortcode_id=&#8221;481697&#8243;][\/vc_column][\/vc_row][vc_row unlock_row_content=&#8221;yes&#8221; row_height_percent=&#8221;0&#8243; override_padding=&#8221;yes&#8221; h_padding=&#8221;0&#8243; top_padding=&#8221;3&#8243; bottom_padding=&#8221;5&#8243; overlay_alpha=&#8221;90&#8243; gutter_size=&#8221;3&#8243; column_width_percent=&#8221;100&#8243; shift_y=&#8221;0&#8243; z_index=&#8221;2&#8243; content_parallax=&#8221;0&#8243; uncode_shortcode_id=&#8221;143196&#8243;][vc_column column_width_percent=&#8221;92&#8243; align_horizontal=&#8221;align_center&#8221; gutter_size=&#8221;4&#8243; back_color=&#8221;color-xsdn&#8221; overlay_alpha=&#8221;50&#8243; shift_x=&#8221;0&#8243; shift_y=&#8221;-5&#8243; shift_y_fixed=&#8221;yes&#8221; shift_y_down=&#8221;0&#8243; z_index=&#8221;0&#8243; medium_width=&#8221;0&#8243; mobile_width=&#8221;0&#8243; width=&#8221;1\/1&#8243;][vc_empty_space empty_h=&#8221;2&#8243;][vc_separator sep_color=&#8221;&#8221; uncode_shortcode_id=&#8221;111563&#8243;][vc_custom_heading heading_semantic=&#8221;h3&#8243; uncode_shortcode_id=&#8221;179514&#8243;]Discover other islands[\/vc_custom_heading][uncode_index el_id=&#8221;index-9623217&#8243; loop=&#8221;size:3|order_by:date|post_type:page|by_id:130821,130809,130823|taxonomy_count:10&#8243; screen_lg=&#8221;1000&#8243; screen_md=&#8221;600&#8243; screen_sm=&#8221;480&#8243; gutter_size=&#8221;2&#8243; post_items=&#8221;media|featured|onpost|poster,title,category|nobg&#8221; portfolio_items=&#8221;title,media|featured|onpost|original&#8221; single_text=&#8221;overlay&#8221; images_size=&#8221;four-three&#8221; single_overlay_color=&#8221;color-258196&#8243; single_overlay_coloration=&#8221;bottom_gradient&#8221; single_overlay_opacity=&#8221;50&#8243; single_overlay_visible=&#8221;yes&#8221; single_text_visible=&#8221;yes&#8221; single_text_anim_type=&#8221;btt&#8221; single_image_anim=&#8221;no&#8221; single_h_align=&#8221;center&#8221; single_v_position=&#8221;bottom&#8221; single_padding=&#8221;2&#8243; single_title_dimension=&#8221;h4&#8243; single_border=&#8221;yes&#8221; post_matrix=&#8221;matrix&#8221; matrix_amount=&#8221;30&#8243; matrix_items=&#8221;e30=&#8221; uncode_shortcode_id=&#8221;202256&#8243;][\/vc_column][\/vc_row]<\/p>\n<\/div>","protected":false},"excerpt":{"rendered":"<p>[vc_row unlock_row_content=&#8221;yes&#8221; row_height_percent=&#8221;0&#8243; override_padding=&#8221;yes&#8221; h_padding=&#8221;2&#8243; top_padding=&#8221;4&#8243; bottom_padding=&#8221;5&#8243; back_color=&#8221;color-xsdn&#8221; overlay_alpha=&#8221;70&#8243; overlay_animated=&#8221;yes&#8221; overlay_animated_size=&#8221;0.35&#8243; gutter_size=&#8221;3&#8243; column_width_percent=&#8221;100&#8243; shift_y=&#8221;0&#8243; z_index=&#8221;0&#8243; bottom_divider=&#8221;step&#8221; uncode_shortcode_id=&#8221;122041&#8243; back_color_type=&#8221;uncode-palette&#8221;][vc_column column_width_percent=&#8221;100&#8243; gutter_size=&#8221;3&#8243; [&hellip;]<\/p>\n","protected":false},"author":1,"featured_media":132259,"parent":131732,"menu_order":0,"comment_status":"closed","ping_status":"closed","template":"","meta":{"footnotes":""},"class_list":["post-132302","page","type-page","status-publish","has-post-thumbnail","hentry"],"yoast_head":"<!-- This site is optimized with the Yoast SEO plugin v24.8.1 - https:\/\/yoast.com\/wordpress\/plugins\/seo\/ -->\n<title>Gran Canaria MICE Agency | inSuite Corporate Events<\/title>\n<meta name=\"description\" content=\"MICE agency in Gran Canaria offering tailored corporate events, conferences, and incentives in stunning venues with top-tier services and seamless logistics.\" \/>\n<meta name=\"robots\" content=\"index, follow, max-snippet:-1, max-image-preview:large, max-video-preview:-1\" \/>\n<link rel=\"canonical\" href=\"https:\/\/insuitedmc.com\/en\/mice-agency\/gran-canaria\/\" \/>\n<meta property=\"og:locale\" content=\"en_US\" \/>\n<meta property=\"og:type\" content=\"article\" \/>\n<meta property=\"og:title\" content=\"Gran Canaria MICE Agency | inSuite Corporate Events\" \/>\n<meta property=\"og:description\" content=\"MICE agency in Gran Canaria offering tailored corporate events, conferences, and incentives in stunning venues with top-tier services and seamless logistics.\" \/>\n<meta property=\"og:url\" content=\"https:\/\/insuitedmc.com\/en\/mice-agency\/gran-canaria\/\" \/>\n<meta property=\"og:site_name\" content=\"inSuite Corporate Events &amp; Incentives\" \/>\n<meta property=\"article:modified_time\" content=\"2025-04-01T09:15:22+00:00\" \/>\n<meta property=\"og:image\" content=\"https:\/\/insuitedmc.com\/wp-content\/uploads\/2025\/01\/gran-canaria-evento-mice.jpg\" \/>\n\t<meta property=\"og:image:width\" content=\"2000\" \/>\n\t<meta property=\"og:image:height\" content=\"1000\" \/>\n\t<meta property=\"og:image:type\" content=\"image\/jpeg\" \/>\n<meta name=\"twitter:card\" content=\"summary_large_image\" \/>\n<meta name=\"twitter:label1\" content=\"Est. reading time\" \/>\n\t<meta name=\"twitter:data1\" content=\"4 minutes\" \/>\n<script type=\"application\/ld+json\" class=\"yoast-schema-graph\">{\"@context\":\"https:\/\/schema.org\",\"@graph\":[{\"@type\":\"WebPage\",\"@id\":\"https:\/\/insuitedmc.com\/en\/mice-agency\/gran-canaria\/\",\"url\":\"https:\/\/insuitedmc.com\/en\/mice-agency\/gran-canaria\/\",\"name\":\"Gran Canaria MICE Agency | inSuite Corporate Events\",\"isPartOf\":{\"@id\":\"https:\/\/insuitedmc.com\/#website\"},\"primaryImageOfPage\":{\"@id\":\"https:\/\/insuitedmc.com\/en\/mice-agency\/gran-canaria\/#primaryimage\"},\"image\":{\"@id\":\"https:\/\/insuitedmc.com\/en\/mice-agency\/gran-canaria\/#primaryimage\"},\"thumbnailUrl\":\"https:\/\/insuitedmc.com\/wp-content\/uploads\/2025\/01\/gran-canaria-evento-mice.jpg\",\"datePublished\":\"2024-07-02T17:35:41+00:00\",\"dateModified\":\"2025-04-01T09:15:22+00:00\",\"description\":\"MICE agency in Gran Canaria offering tailored corporate events, conferences, and incentives in stunning venues with top-tier services and seamless logistics.\",\"breadcrumb\":{\"@id\":\"https:\/\/insuitedmc.com\/en\/mice-agency\/gran-canaria\/#breadcrumb\"},\"inLanguage\":\"en-US\",\"potentialAction\":[{\"@type\":\"ReadAction\",\"target\":[\"https:\/\/insuitedmc.com\/en\/mice-agency\/gran-canaria\/\"]}]},{\"@type\":\"ImageObject\",\"inLanguage\":\"en-US\",\"@id\":\"https:\/\/insuitedmc.com\/en\/mice-agency\/gran-canaria\/#primaryimage\",\"url\":\"https:\/\/insuitedmc.com\/wp-content\/uploads\/2025\/01\/gran-canaria-evento-mice.jpg\",\"contentUrl\":\"https:\/\/insuitedmc.com\/wp-content\/uploads\/2025\/01\/gran-canaria-evento-mice.jpg\",\"width\":2000,\"height\":1000,\"caption\":\"MICE events in Gran Canaria organized by MICE agency in the Canary Islands\"},{\"@type\":\"BreadcrumbList\",\"@id\":\"https:\/\/insuitedmc.com\/en\/mice-agency\/gran-canaria\/#breadcrumb\",\"itemListElement\":[{\"@type\":\"ListItem\",\"position\":1,\"name\":\"Portada\",\"item\":\"https:\/\/insuitedmc.com\/\"},{\"@type\":\"ListItem\",\"position\":2,\"name\":\"MICE Agency\",\"item\":\"https:\/\/insuitedmc.com\/en\/mice-agency\/\"},{\"@type\":\"ListItem\",\"position\":3,\"name\":\"Gran Canaria\"}]},{\"@type\":\"WebSite\",\"@id\":\"https:\/\/insuitedmc.com\/#website\",\"url\":\"https:\/\/insuitedmc.com\/\",\"name\":\"inSuite Corporate Events &amp; Incentives\",\"description\":\"inSuite es una reconocida agencia MICE, experta en la organizaci\u00f3n de eventos corporativos en las Islas Canarias. Nuestra esencia reside en la planificaci\u00f3n meticulosa y la ejecuci\u00f3n de cada encuentro, reflejando la identidad y los valores de las empresas con las que colaboramos.\",\"potentialAction\":[{\"@type\":\"SearchAction\",\"target\":{\"@type\":\"EntryPoint\",\"urlTemplate\":\"https:\/\/insuitedmc.com\/?s={search_term_string}\"},\"query-input\":{\"@type\":\"PropertyValueSpecification\",\"valueRequired\":true,\"valueName\":\"search_term_string\"}}],\"inLanguage\":\"en-US\"}]}<\/script>\n<!-- \/ Yoast SEO plugin. -->","yoast_head_json":{"title":"Gran Canaria MICE Agency | inSuite Corporate Events","description":"MICE agency in Gran Canaria offering tailored corporate events, conferences, and incentives in stunning venues with top-tier services and seamless logistics.","robots":{"index":"index","follow":"follow","max-snippet":"max-snippet:-1","max-image-preview":"max-image-preview:large","max-video-preview":"max-video-preview:-1"},"canonical":"https:\/\/insuitedmc.com\/en\/mice-agency\/gran-canaria\/","og_locale":"en_US","og_type":"article","og_title":"Gran Canaria MICE Agency | inSuite Corporate Events","og_description":"MICE agency in Gran Canaria offering tailored corporate events, conferences, and incentives in stunning venues with top-tier services and seamless logistics.","og_url":"https:\/\/insuitedmc.com\/en\/mice-agency\/gran-canaria\/","og_site_name":"inSuite Corporate Events &amp; Incentives","article_modified_time":"2025-04-01T09:15:22+00:00","og_image":[{"width":2000,"height":1000,"url":"https:\/\/insuitedmc.com\/wp-content\/uploads\/2025\/01\/gran-canaria-evento-mice.jpg","type":"image\/jpeg"}],"twitter_card":"summary_large_image","twitter_misc":{"Est. reading time":"4 minutes"},"schema":{"@context":"https:\/\/schema.org","@graph":[{"@type":"WebPage","@id":"https:\/\/insuitedmc.com\/en\/mice-agency\/gran-canaria\/","url":"https:\/\/insuitedmc.com\/en\/mice-agency\/gran-canaria\/","name":"Gran Canaria MICE Agency | inSuite Corporate Events","isPartOf":{"@id":"https:\/\/insuitedmc.com\/#website"},"primaryImageOfPage":{"@id":"https:\/\/insuitedmc.com\/en\/mice-agency\/gran-canaria\/#primaryimage"},"image":{"@id":"https:\/\/insuitedmc.com\/en\/mice-agency\/gran-canaria\/#primaryimage"},"thumbnailUrl":"https:\/\/insuitedmc.com\/wp-content\/uploads\/2025\/01\/gran-canaria-evento-mice.jpg","datePublished":"2024-07-02T17:35:41+00:00","dateModified":"2025-04-01T09:15:22+00:00","description":"MICE agency in Gran Canaria offering tailored corporate events, conferences, and incentives in stunning venues with top-tier services and seamless logistics.","breadcrumb":{"@id":"https:\/\/insuitedmc.com\/en\/mice-agency\/gran-canaria\/#breadcrumb"},"inLanguage":"en-US","potentialAction":[{"@type":"ReadAction","target":["https:\/\/insuitedmc.com\/en\/mice-agency\/gran-canaria\/"]}]},{"@type":"ImageObject","inLanguage":"en-US","@id":"https:\/\/insuitedmc.com\/en\/mice-agency\/gran-canaria\/#primaryimage","url":"https:\/\/insuitedmc.com\/wp-content\/uploads\/2025\/01\/gran-canaria-evento-mice.jpg","contentUrl":"https:\/\/insuitedmc.com\/wp-content\/uploads\/2025\/01\/gran-canaria-evento-mice.jpg","width":2000,"height":1000,"caption":"MICE events in Gran Canaria organized by MICE agency in the Canary Islands"},{"@type":"BreadcrumbList","@id":"https:\/\/insuitedmc.com\/en\/mice-agency\/gran-canaria\/#breadcrumb","itemListElement":[{"@type":"ListItem","position":1,"name":"Portada","item":"https:\/\/insuitedmc.com\/"},{"@type":"ListItem","position":2,"name":"MICE Agency","item":"https:\/\/insuitedmc.com\/en\/mice-agency\/"},{"@type":"ListItem","position":3,"name":"Gran Canaria"}]},{"@type":"WebSite","@id":"https:\/\/insuitedmc.com\/#website","url":"https:\/\/insuitedmc.com\/","name":"inSuite Corporate Events &amp; Incentives","description":"inSuite es una reconocida agencia MICE, experta en la organizaci\u00f3n de eventos corporativos en las Islas Canarias. Nuestra esencia reside en la planificaci\u00f3n meticulosa y la ejecuci\u00f3n de cada encuentro, reflejando la identidad y los valores de las empresas con las que colaboramos.","potentialAction":[{"@type":"SearchAction","target":{"@type":"EntryPoint","urlTemplate":"https:\/\/insuitedmc.com\/?s={search_term_string}"},"query-input":{"@type":"PropertyValueSpecification","valueRequired":true,"valueName":"search_term_string"}}],"inLanguage":"en-US"}]}},"_links":{"self":[{"href":"https:\/\/insuitedmc.com\/en\/wp-json\/wp\/v2\/pages\/132302","targetHints":{"allow":["GET"]}}],"collection":[{"href":"https:\/\/insuitedmc.com\/en\/wp-json\/wp\/v2\/pages"}],"about":[{"href":"https:\/\/insuitedmc.com\/en\/wp-json\/wp\/v2\/types\/page"}],"author":[{"embeddable":true,"href":"https:\/\/insuitedmc.com\/en\/wp-json\/wp\/v2\/users\/1"}],"replies":[{"embeddable":true,"href":"https:\/\/insuitedmc.com\/en\/wp-json\/wp\/v2\/comments?post=132302"}],"version-history":[{"count":13,"href":"https:\/\/insuitedmc.com\/en\/wp-json\/wp\/v2\/pages\/132302\/revisions"}],"predecessor-version":[{"id":132992,"href":"https:\/\/insuitedmc.com\/en\/wp-json\/wp\/v2\/pages\/132302\/revisions\/132992"}],"up":[{"embeddable":true,"href":"https:\/\/insuitedmc.com\/en\/wp-json\/wp\/v2\/pages\/131732"}],"wp:featuredmedia":[{"embeddable":true,"href":"https:\/\/insuitedmc.com\/en\/wp-json\/wp\/v2\/media\/132259"}],"wp:attachment":[{"href":"https:\/\/insuitedmc.com\/en\/wp-json\/wp\/v2\/media?parent=132302"}],"curies":[{"name":"wp","href":"https:\/\/api.w.org\/{rel}","templated":true}]}}